{"id":6688,"date":"2025-08-05T14:09:48","date_gmt":"2025-08-05T12:09:48","guid":{"rendered":"https:\/\/lespucesdestju.fr\/?post_type=product&#038;p=6688"},"modified":"2025-08-05T14:09:49","modified_gmt":"2025-08-05T12:09:49","slug":"giovanni-giordano-lanza-1827-1890","status":"publish","type":"product","link":"https:\/\/lespucesdestju.fr\/?product=giovanni-giordano-lanza-1827-1890","title":{"rendered":"Giovanni Giordano LANZA ( 1827-1890)"},"content":{"rendered":"<p>Giovanni Giordano LANZA ( 1827-1890), Eglise Saints-Th\u00e9odore d\u2019Ath\u00e8nes.<\/p>\n<p>Aquarelle par Giordano Lanza de l\u2019\u00e9glise byzantine Saints-Th\u00e9odore d\u2019Ath\u00e8nes.<\/p>\n<p>N\u00e9 \u00e0 Naples (Royaume des Deux-Siciles), G. Lanza re\u00e7oit une m\u00e9daille d\u2019argent en 1852 pour \u201cL&rsquo;Int\u00e9rieur de l&rsquo;\u00e9glise de Santa Chiara\u201d.<br \/>\nLa famille royale des Bourbons lui commande une peinture de \u201cL&rsquo;int\u00e9rieur de la sacristie de San Martino\u201d, pour laquelle il est \u00e9galement r\u00e9compens\u00e9. En 1860, sur commande du marquis de Sassenay et pour un album de Napol\u00e9on III, il r\u00e9alise deux aquarelles repr\u00e9sentant \u201cUne veduta della marina di Santa Lucia\u201d et \u201cUn Int\u00e9rieur des Gerolimini\u201d.<\/p>\n<p>Notre aquarelle est un t\u00e9moignage de la seconde moiti\u00e9 du 19i\u00e8me, tout en pr\u00e9cision et d\u00e9tails (fid\u00e8les au style de l\u2019artiste), de l\u2019\u00e9difice religieux byzantin du milieu du XIe si\u00e8cle situ\u00e9 \u00e0 l&rsquo;angle nord-ouest de la place Klafthm\u00f3nos, \u00e0 Ath\u00e8nes. Le monument est consid\u00e9r\u00e9 comme l&rsquo;un des mieux conserv\u00e9s de la p\u00e9riode m\u00e9so-byzantine\u00a0 (843\u20131204) dans la capitale grecque.<br \/>\nSign\u00e9e en bas \u00e0 droite.<\/p>\n<p>Tr\u00e8s bel \u00e9tat. Encadrement XX\u00e8me, passe-partout en bois dor\u00e9, sous verre.<\/p>\n<blockquote><p><strong data-new-link=\"true\">Artiste:\u00a0<\/strong>Giovanni Giordano Lanza ( 1827-1890)<br \/>\n<strong data-new-link=\"true\">Epoque:\u00a0<\/strong>19\u00e8me si\u00e8cle<br \/>\n<strong data-new-link=\"true\">Style:\u00a0<\/strong>Autre style<br \/>\n<strong data-new-link=\"true\">Etat:\u00a0<\/strong>Parfait \u00e9tat<\/p>\n<p><strong data-new-link=\"true\">Mati\u00e8re:\u00a0<\/strong>Aquarelle<br \/>\n<strong data-new-link=\"true\">Longueur:\u00a0<\/strong>a vue 16,5 cm x 25 cm<br \/>\n<strong data-new-link=\"true\">Largeur:\u00a0<\/strong>cadre 30,5 cm x 37 cm<\/p>\n<p><strong data-new-link=\"true\">R\u00e9f\u00e9rence (ID):\u00a0<\/strong>1581218<br \/>\n<strong data-new-link=\"true\">Disponibilit\u00e9:\u00a0<\/strong>En stock<\/p><\/blockquote>\n","protected":false},"excerpt":{"rendered":"<p>Giovanni Giordano LANZA ( 1827-1890), Eglise Saints-Th\u00e9odore d\u2019Ath\u00e8nes.<\/p>\n","protected":false},"featured_media":6693,"comment_status":"open","ping_status":"closed","template":"","meta":[],"product_brand":[],"product_cat":[50,306],"product_tag":[163,56,101],"class_list":{"0":"post-6688","1":"product","2":"type-product","3":"status-publish","4":"has-post-thumbnail","6":"product_cat-art","7":"product_cat-tableaux-et-peintures","8":"product_tag-aquarelle","9":"product_tag-art","10":"product_tag-tableau","12":"first","13":"instock","14":"shipping-taxable","15":"purchasable","16":"product-type-simple"},"aioseo_notices":[],"jetpack_sharing_enabled":true,"_links":{"self":[{"href":"https:\/\/lespucesdestju.fr\/index.php?rest_route=\/wp\/v2\/product\/6688","targetHints":{"allow":["GET"]}}],"collection":[{"href":"https:\/\/lespucesdestju.fr\/index.php?rest_route=\/wp\/v2\/product"}],"about":[{"href":"https:\/\/lespucesdestju.fr\/index.php?rest_route=\/wp\/v2\/types\/product"}],"replies":[{"embeddable":true,"href":"https:\/\/lespucesdestju.fr\/index.php?rest_route=%2Fwp%2Fv2%2Fcomments&post=6688"}],"wp:featuredmedia":[{"embeddable":true,"href":"https:\/\/lespucesdestju.fr\/index.php?rest_route=\/wp\/v2\/media\/6693"}],"wp:attachment":[{"href":"https:\/\/lespucesdestju.fr\/index.php?rest_route=%2Fwp%2Fv2%2Fmedia&parent=6688"}],"wp:term":[{"taxonomy":"product_brand","embeddable":true,"href":"https:\/\/lespucesdestju.fr\/index.php?rest_route=%2Fwp%2Fv2%2Fproduct_brand&post=6688"},{"taxonomy":"product_cat","embeddable":true,"href":"https:\/\/lespucesdestju.fr\/index.php?rest_route=%2Fwp%2Fv2%2Fproduct_cat&post=6688"},{"taxonomy":"product_tag","embeddable":true,"href":"https:\/\/lespucesdestju.fr\/index.php?rest_route=%2Fwp%2Fv2%2Fproduct_tag&post=6688"}],"curies":[{"name":"wp","href":"https:\/\/api.w.org\/{rel}","templated":true}]}}