{"id":6600,"date":"2025-07-08T11:45:46","date_gmt":"2025-07-08T09:45:46","guid":{"rendered":"https:\/\/lespucesdestju.fr\/?post_type=product&#038;p=6600"},"modified":"2025-07-08T11:45:46","modified_gmt":"2025-07-08T09:45:46","slug":"aurige-de-delphes-sujet-en-cuivre-patine","status":"publish","type":"product","link":"https:\/\/lespucesdestju.fr\/?product=aurige-de-delphes-sujet-en-cuivre-patine","title":{"rendered":"\u00ab\u00a0Aurige de DELPHES\u00a0\u00bb, Sujet en cuivre patin\u00e9."},"content":{"rendered":"<p>\u00ab\u00a0Aurige de DELPHES\u00a0\u00bb, Sujet en cuivre patin\u00e9. Sujet repr\u00e9sentant L&rsquo; Aurige de DELPHES, r\u00e9alis\u00e9 par galvanoplastie. La patine naturelle du cuivre offre un aspect proche des finitions naturelles des objets arch\u00e9ologiques. La statuette repose sur un socle en ab\u00e2tre et les r\u00eanes ( visibles sur la statue originale) sont manquantes. Belle pr\u00e9sentation.<br \/>\nPour rappel, le proc\u00e9d\u00e9 de galvanoplastie fut largement utilis\u00e9 d\u00e8s la fin du 19\u00e8me, dans le domaine artistique.<\/p>\n<blockquote><p><strong data-new-link=\"true\">Epoque:\u00a0<\/strong>20\u00e8me si\u00e8cle<br \/>\n<strong data-new-link=\"true\">Style:\u00a0<\/strong>Autre style<br \/>\n<strong data-new-link=\"true\">Etat:\u00a0<\/strong>En l&rsquo;etat<\/p>\n<p><strong data-new-link=\"true\">Mati\u00e8re:\u00a0<\/strong>Cuivre<br \/>\n<strong data-new-link=\"true\">Largeur:\u00a0<\/strong>9,5 cm<br \/>\n<strong data-new-link=\"true\">Hauteur:\u00a0<\/strong>36 cm avec le socle<br \/>\n<strong data-new-link=\"true\">Profondeur:\u00a0<\/strong>12 cm<\/p><\/blockquote>\n","protected":false},"excerpt":{"rendered":"<p>\u00ab\u00a0Aurige de DELPHES\u00a0\u00bb, Sujet en cuivre patin\u00e9. Sujet repr\u00e9sentant L&rsquo; Aurige de DELPHES<\/p>\n","protected":false},"featured_media":6601,"comment_status":"open","ping_status":"closed","template":"","meta":[],"product_brand":[],"product_cat":[50,309],"product_tag":[56,134,64],"class_list":{"0":"post-6600","1":"product","2":"type-product","3":"status-publish","4":"has-post-thumbnail","6":"product_cat-art","7":"product_cat-sculptures","8":"product_tag-art","9":"product_tag-cuivre","10":"product_tag-sculpture","12":"first","13":"instock","14":"shipping-taxable","15":"purchasable","16":"product-type-simple"},"aioseo_notices":[],"jetpack_sharing_enabled":true,"_links":{"self":[{"href":"https:\/\/lespucesdestju.fr\/index.php?rest_route=\/wp\/v2\/product\/6600","targetHints":{"allow":["GET"]}}],"collection":[{"href":"https:\/\/lespucesdestju.fr\/index.php?rest_route=\/wp\/v2\/product"}],"about":[{"href":"https:\/\/lespucesdestju.fr\/index.php?rest_route=\/wp\/v2\/types\/product"}],"replies":[{"embeddable":true,"href":"https:\/\/lespucesdestju.fr\/index.php?rest_route=%2Fwp%2Fv2%2Fcomments&post=6600"}],"wp:featuredmedia":[{"embeddable":true,"href":"https:\/\/lespucesdestju.fr\/index.php?rest_route=\/wp\/v2\/media\/6601"}],"wp:attachment":[{"href":"https:\/\/lespucesdestju.fr\/index.php?rest_route=%2Fwp%2Fv2%2Fmedia&parent=6600"}],"wp:term":[{"taxonomy":"product_brand","embeddable":true,"href":"https:\/\/lespucesdestju.fr\/index.php?rest_route=%2Fwp%2Fv2%2Fproduct_brand&post=6600"},{"taxonomy":"product_cat","embeddable":true,"href":"https:\/\/lespucesdestju.fr\/index.php?rest_route=%2Fwp%2Fv2%2Fproduct_cat&post=6600"},{"taxonomy":"product_tag","embeddable":true,"href":"https:\/\/lespucesdestju.fr\/index.php?rest_route=%2Fwp%2Fv2%2Fproduct_tag&post=6600"}],"curies":[{"name":"wp","href":"https:\/\/api.w.org\/{rel}","templated":true}]}}