{"id":5713,"date":"2024-11-10T15:58:52","date_gmt":"2024-11-10T14:58:52","guid":{"rendered":"https:\/\/lespucesdestju.fr\/?post_type=product&#038;p=5713"},"modified":"2026-01-04T16:55:39","modified_gmt":"2026-01-04T15:55:39","slug":"paire-de-perroquets-en-faience","status":"publish","type":"product","link":"https:\/\/lespucesdestju.fr\/?product=paire-de-perroquets-en-faience","title":{"rendered":"Paire de Perroquets en fa\u00efence"},"content":{"rendered":"<p><span style=\"font-weight: 400;\">Paire de Perroquets en fa\u00efence polychrome. <\/span><\/p>\n<p><span style=\"font-weight: 400;\">Fabrication Allemagne, par Meissen, seconde moiti\u00e9 du XIX\u00e8me, et sertis ult\u00e9rieurement (d\u00e9but XX\u00e8me) sur un support en bronze pour montage en luminaire.<\/span><\/p>\n<p><span style=\"font-weight: 400;\"> Restauration ancienne sur un sujet au niveau de la queue. <\/span><\/p>\n<p><span style=\"font-weight: 400;\">Tr\u00e8s bel aspect g\u00e9n\u00e9ral.<\/span><\/p>\n<blockquote><p><i><span style=\"font-weight: 400;\">Dimensions ( longueur x Largeur x Hauteur) et poids (Kg) pour un objets : <\/span><\/i><b><i>voir informations compl\u00e9mentaires.<\/i><\/b><\/p><\/blockquote>\n","protected":false},"excerpt":{"rendered":"<p><span style=\"font-weight: 400;\">Paire de Perroquets en fa\u00efence polychrome. <\/span><span style=\"font-weight: 400;\">Fabrication Allemagne, par Meissen<\/span><\/p>\n","protected":false},"featured_media":5714,"comment_status":"open","ping_status":"closed","template":"","meta":[],"product_brand":[],"product_cat":[50,309],"product_tag":[56,70,93,64],"class_list":{"0":"post-5713","1":"product","2":"type-product","3":"status-publish","4":"has-post-thumbnail","6":"product_cat-art","7":"product_cat-sculptures","8":"product_tag-art","9":"product_tag-bronze","10":"product_tag-faience","11":"product_tag-sculpture","13":"first","14":"outofstock","15":"shipping-taxable","16":"purchasable","17":"product-type-simple"},"aioseo_notices":[],"jetpack_sharing_enabled":true,"_links":{"self":[{"href":"https:\/\/lespucesdestju.fr\/index.php?rest_route=\/wp\/v2\/product\/5713","targetHints":{"allow":["GET"]}}],"collection":[{"href":"https:\/\/lespucesdestju.fr\/index.php?rest_route=\/wp\/v2\/product"}],"about":[{"href":"https:\/\/lespucesdestju.fr\/index.php?rest_route=\/wp\/v2\/types\/product"}],"replies":[{"embeddable":true,"href":"https:\/\/lespucesdestju.fr\/index.php?rest_route=%2Fwp%2Fv2%2Fcomments&post=5713"}],"wp:featuredmedia":[{"embeddable":true,"href":"https:\/\/lespucesdestju.fr\/index.php?rest_route=\/wp\/v2\/media\/5714"}],"wp:attachment":[{"href":"https:\/\/lespucesdestju.fr\/index.php?rest_route=%2Fwp%2Fv2%2Fmedia&parent=5713"}],"wp:term":[{"taxonomy":"product_brand","embeddable":true,"href":"https:\/\/lespucesdestju.fr\/index.php?rest_route=%2Fwp%2Fv2%2Fproduct_brand&post=5713"},{"taxonomy":"product_cat","embeddable":true,"href":"https:\/\/lespucesdestju.fr\/index.php?rest_route=%2Fwp%2Fv2%2Fproduct_cat&post=5713"},{"taxonomy":"product_tag","embeddable":true,"href":"https:\/\/lespucesdestju.fr\/index.php?rest_route=%2Fwp%2Fv2%2Fproduct_tag&post=5713"}],"curies":[{"name":"wp","href":"https:\/\/api.w.org\/{rel}","templated":true}]}}