{"id":5680,"date":"2024-11-10T15:06:58","date_gmt":"2024-11-10T14:06:58","guid":{"rendered":"https:\/\/lespucesdestju.fr\/?post_type=product&#038;p=5680"},"modified":"2025-03-10T22:29:58","modified_gmt":"2025-03-10T21:29:58","slug":"belle-bonbonniere-en-verre","status":"publish","type":"product","link":"https:\/\/lespucesdestju.fr\/?product=belle-bonbonniere-en-verre","title":{"rendered":"Belle bonbonni\u00e8re en verre"},"content":{"rendered":"<p><span style=\"font-weight: 400;\">Belle bonbonni\u00e8re en verre. <\/span><\/p>\n<p><span style=\"font-weight: 400;\">La prise du couvercle est une t\u00eate de cerf en bronze argent\u00e9, les yeux en verre ambr\u00e9. <\/span><span style=\"font-weight: 400;\">Cerclage m\u00e9tal en bordure de la verrerie.<\/span><\/p>\n<p><span style=\"font-weight: 400;\">\u00a0Usure \u00e0 l\u2019argenture, notamment sur le plat du couvercle, avec des frottements.<\/span><\/p>\n<p><span style=\"font-weight: 400;\">N\u00e9anmoins belle patine g\u00e9n\u00e9rale, fabrication XX\u00e8me.<\/span><\/p>\n<blockquote><p><i><span style=\"font-weight: 400;\">Dimensions ( longueur x Largeur x Hauteur) et poids (Kg) pour un objets : <\/span><\/i><b><i>voir informations compl\u00e9mentaires.<\/i><\/b><\/p>\n<p>&nbsp;<\/p><\/blockquote>\n","protected":false},"excerpt":{"rendered":"<p><span style=\"font-weight: 400;\">Belle bonbonni\u00e8re en verre. <\/span><span style=\"font-weight: 400;\">Couvercle t\u00eate de cerf en bronze argent\u00e9. <\/span><span style=\"font-weight: 400;\">Cerclage m\u00e9tal en bordure. <\/span><span style=\"font-weight: 400;\">Usure \u00e0 l\u2019argenture.<\/span><\/p>\n","protected":false},"featured_media":5686,"comment_status":"open","ping_status":"closed","template":"","meta":[],"product_brand":[],"product_cat":[37,292],"product_tag":[206,112,75],"class_list":{"0":"post-5680","1":"product","2":"type-product","3":"status-publish","4":"has-post-thumbnail","6":"product_cat-decoration","7":"product_cat-vases-pots-et-contenants","8":"product_tag-bonbonniere","9":"product_tag-metal-argente","10":"product_tag-verre","12":"first","13":"outofstock","14":"shipping-taxable","15":"purchasable","16":"product-type-simple"},"aioseo_notices":[],"jetpack_sharing_enabled":true,"_links":{"self":[{"href":"https:\/\/lespucesdestju.fr\/index.php?rest_route=\/wp\/v2\/product\/5680","targetHints":{"allow":["GET"]}}],"collection":[{"href":"https:\/\/lespucesdestju.fr\/index.php?rest_route=\/wp\/v2\/product"}],"about":[{"href":"https:\/\/lespucesdestju.fr\/index.php?rest_route=\/wp\/v2\/types\/product"}],"replies":[{"embeddable":true,"href":"https:\/\/lespucesdestju.fr\/index.php?rest_route=%2Fwp%2Fv2%2Fcomments&post=5680"}],"wp:featuredmedia":[{"embeddable":true,"href":"https:\/\/lespucesdestju.fr\/index.php?rest_route=\/wp\/v2\/media\/5686"}],"wp:attachment":[{"href":"https:\/\/lespucesdestju.fr\/index.php?rest_route=%2Fwp%2Fv2%2Fmedia&parent=5680"}],"wp:term":[{"taxonomy":"product_brand","embeddable":true,"href":"https:\/\/lespucesdestju.fr\/index.php?rest_route=%2Fwp%2Fv2%2Fproduct_brand&post=5680"},{"taxonomy":"product_cat","embeddable":true,"href":"https:\/\/lespucesdestju.fr\/index.php?rest_route=%2Fwp%2Fv2%2Fproduct_cat&post=5680"},{"taxonomy":"product_tag","embeddable":true,"href":"https:\/\/lespucesdestju.fr\/index.php?rest_route=%2Fwp%2Fv2%2Fproduct_tag&post=5680"}],"curies":[{"name":"wp","href":"https:\/\/api.w.org\/{rel}","templated":true}]}}