{"id":5481,"date":"2024-10-17T14:39:42","date_gmt":"2024-10-17T12:39:42","guid":{"rendered":"https:\/\/lespucesdestju.fr\/?post_type=product&#038;p=5481"},"modified":"2025-05-12T11:28:08","modified_gmt":"2025-05-12T09:28:08","slug":"meuble-chinois-en-bois-laque","status":"publish","type":"product","link":"https:\/\/lespucesdestju.fr\/?product=meuble-chinois-en-bois-laque","title":{"rendered":"Meuble chinois en bois laqu\u00e9"},"content":{"rendered":"<p><span style=\"font-weight: 400\">Meuble chinois en bois laqu\u00e9 noir \u00e0 d\u00e9cor polychrome et rehauts d&rsquo;or, il pr\u00e9sente dans sa partie sup\u00e9rieure une niche sur sa gauche flanqu\u00e9e de deux tiroirs sur sa droite et ouvre par deux portillons dans sa partie inf\u00e9rieure orn\u00e9s de sc\u00e8nes de la vie courante dans des m\u00e9daillons.<\/span><\/p>\n<p><span style=\"font-weight: 400\">XX\u00e8me si\u00e8cle<\/span><\/p>\n<p><span style=\"font-weight: 400\">(usures d&rsquo;usage)<\/span><\/p>\n<blockquote><p><span style=\"font-weight: 400\">Profondeur : 36 cm\u00a0<\/span><\/p>\n<p><span style=\"font-weight: 400\">Largeur : 69 cm\u00a0<\/span><\/p>\n<p><span style=\"font-weight: 400\">Hauteur : 91,5 cm\u00a0<\/span><\/p>\n<p><b><i>Cet objet peut \u00eatre uniquement retir\u00e9 en boutique,<\/i><\/b><i><span style=\"font-weight: 400\"> pour la livraison, veuillez nous contacter.\u00a0<\/span><\/i><\/p><\/blockquote>\n","protected":false},"excerpt":{"rendered":"<p><span style=\"font-weight: 400\">Meuble chinois en bois laqu\u00e9 noir \u00e0 d\u00e9cor polychrome et rehauts d&rsquo;or.<\/span><\/p>\n","protected":false},"featured_media":5482,"comment_status":"open","ping_status":"closed","template":"","meta":[],"product_brand":[],"product_cat":[302,45],"product_tag":[86,146,83],"class_list":{"0":"post-5481","1":"product","2":"type-product","3":"status-publish","4":"has-post-thumbnail","6":"product_cat-meubles","7":"product_cat-mobilier","8":"product_tag-bois","9":"product_tag-meuble","10":"product_tag-mobilier","12":"first","13":"outofstock","14":"shipping-taxable","15":"purchasable","16":"product-type-simple"},"aioseo_notices":[],"jetpack_sharing_enabled":true,"_links":{"self":[{"href":"https:\/\/lespucesdestju.fr\/index.php?rest_route=\/wp\/v2\/product\/5481","targetHints":{"allow":["GET"]}}],"collection":[{"href":"https:\/\/lespucesdestju.fr\/index.php?rest_route=\/wp\/v2\/product"}],"about":[{"href":"https:\/\/lespucesdestju.fr\/index.php?rest_route=\/wp\/v2\/types\/product"}],"replies":[{"embeddable":true,"href":"https:\/\/lespucesdestju.fr\/index.php?rest_route=%2Fwp%2Fv2%2Fcomments&post=5481"}],"wp:featuredmedia":[{"embeddable":true,"href":"https:\/\/lespucesdestju.fr\/index.php?rest_route=\/wp\/v2\/media\/5482"}],"wp:attachment":[{"href":"https:\/\/lespucesdestju.fr\/index.php?rest_route=%2Fwp%2Fv2%2Fmedia&parent=5481"}],"wp:term":[{"taxonomy":"product_brand","embeddable":true,"href":"https:\/\/lespucesdestju.fr\/index.php?rest_route=%2Fwp%2Fv2%2Fproduct_brand&post=5481"},{"taxonomy":"product_cat","embeddable":true,"href":"https:\/\/lespucesdestju.fr\/index.php?rest_route=%2Fwp%2Fv2%2Fproduct_cat&post=5481"},{"taxonomy":"product_tag","embeddable":true,"href":"https:\/\/lespucesdestju.fr\/index.php?rest_route=%2Fwp%2Fv2%2Fproduct_tag&post=5481"}],"curies":[{"name":"wp","href":"https:\/\/api.w.org\/{rel}","templated":true}]}}